{"id":38,"date":"2024-04-27T11:20:28","date_gmt":"2024-04-27T09:20:28","guid":{"rendered":"http:\/\/viroflayenvironnement.fr\/?page_id=38"},"modified":"2025-04-10T18:24:16","modified_gmt":"2025-04-10T16:24:16","slug":"nos-activites","status":"publish","type":"page","link":"https:\/\/viroflayenvironnement.fr\/index.php\/nos-activites\/","title":{"rendered":"abribus"},"content":{"rendered":"\n<p><\/p>\n\n\n\n<p><\/p>\n\n\n\n<p><\/p>\n\n\n\n<p><\/p>\n\n\n\n<div class=\"wp-block-file\"><a id=\"wp-block-file--media-e74f9f64-a76d-4cb9-a30b-6222e0a23415\" href=\"http:\/\/viroflayenvironnement.fr\/wp-content\/uploads\/2025\/04\/image-1.jpeg\">image<\/a><a href=\"http:\/\/viroflayenvironnement.fr\/wp-content\/uploads\/2025\/04\/image-1.jpeg\" class=\"wp-block-file__button wp-element-button\" download aria-describedby=\"wp-block-file--media-e74f9f64-a76d-4cb9-a30b-6222e0a23415\">T\u00e9l\u00e9charger<\/a><\/div>\n\n\n\n<p><\/p>\n\n\n\n<p><\/p>\n\n\n\n<p><strong><u><br>PROPOSITION D\u2019IMPLANTATION D\u2019ABRIBUS POUR<br>LES LIGNES N\u00b06 et n\u00b07 (PHEBUS) MANQUANTS A VIROFLAY<br><br><\/u><\/strong><strong><u><\/u><\/strong><\/p>\n\n\n\n<p><em>(Nous sommes actuellement dans l\u2019attente de r\u00e9ponse de la part de la mairie)<\/em><\/p>\n\n\n\n<p><strong>Notre association \u00ab Viroflay environnement&nbsp;\u00bb a \u00e9tudi\u00e9 la possibilit\u00e9 d\u2019ajouter des abribus et des bancs (l\u00e0 o\u00f9 c\u2019\u00e9tait possible) \u00e0 certains arr\u00eats sur la commune de Viroflay.<\/strong><\/p>\n\n\n\n<p>Plusieurs sortes d\u2019abribus peuvent pallier ce manque selon l\u2019implantation des arr\u00eats sans g\u00eaner le passage de landaus, poussettes ou autres, sur les trottoirs concern\u00e9s.<\/p>\n\n\n\n<p>Dans certains cas, il est malheureusement impossible d\u2019implanter un banc ou des auvents lat\u00e9raux, la largeur des trottoirs ne le permettant pas.<\/p>\n\n\n\n<p>Maintenant, reste \u00e0 savoir si la commune souhaite effectuer certains am\u00e9nagements pour pouvoir installer des abris avec auvents lat\u00e9raux (ces possibilit\u00e9s semblent assez limit\u00e9es).&nbsp;<\/p>\n\n\n\n<p>Une autre solution existe avec des abris sans auvents lat\u00e9raux dans certains cas.<\/p>\n\n\n\n<p>Dans un cas particulier, il faudra demander \u00e0 l\u2019ONF une d\u00e9rogation pour rogner l\u00e9g\u00e8rement sur le talus \u00e0 l\u2019arr\u00eat situ\u00e9 en face de la zone industrielle dans la rue Joseph Bertrand (environ 40 centim\u00e8tres)<a href=\"#_ftn1\" id=\"_ftnref1\">*<\/a>.<\/p>\n\n\n\n<p>Ce qui ne pose aucun souci pour am\u00e9nager un abribus est l\u2019arr\u00eat aux arcades de Viroflay sur l\u2019avenue du g\u00e9n\u00e9ral Leclerc.<\/p>\n\n\n\n<p><strong>En conclusion, il est envisageable d\u2019installer cinq abris bus avec auvents lat\u00e9raux \u00e0 Viroflay.<\/strong><\/p>\n\n\n\n<p><strong>Arcades de Viroflay :<\/strong><\/p>\n\n\n\n<p>Possibilit\u00e9s d&#8217;un abribus avec auvents lat\u00e9raux<\/p>\n\n\n\n<figure class=\"wp-block-image size-full\"><img loading=\"lazy\" decoding=\"async\" width=\"663\" height=\"530\" src=\"http:\/\/viroflayenvironnement.fr\/wp-content\/uploads\/2025\/04\/arcade.jpg\" alt=\"\" class=\"wp-image-643\" srcset=\"https:\/\/viroflayenvironnement.fr\/wp-content\/uploads\/2025\/04\/arcade.jpg 663w, https:\/\/viroflayenvironnement.fr\/wp-content\/uploads\/2025\/04\/arcade-300x240.jpg 300w\" sizes=\"auto, (max-width: 663px) 100vw, 663px\" \/><\/figure>\n\n\n\n<p><strong>Arr\u00eat Zone d\u2019activit\u00e9 :<\/strong><\/p>\n\n\n\n<p>Possibilit\u00e9 d\u2019un abribus avec auvents lat\u00e9raux (selon accord avec l\u2019ONF): <\/p>\n\n\n\n<p>Dans ce cas particulier il faudra demander \u00e0 l\u2019ONF une d\u00e9rogation pour rogner l\u00e9g\u00e8rement sur le talus \u00e0 l\u2019arr\u00eat (Zone d\u2019activit\u00e9) dans la rue des Pr\u00e9s aux Bois en direction du Chesnay via la rue Joseph Chaleil.<\/p>\n\n\n\n<figure class=\"wp-block-image size-full\"><img loading=\"lazy\" decoding=\"async\" width=\"526\" height=\"583\" src=\"http:\/\/viroflayenvironnement.fr\/wp-content\/uploads\/2025\/04\/zone-dactivite.jpg\" alt=\"\" class=\"wp-image-649\" srcset=\"https:\/\/viroflayenvironnement.fr\/wp-content\/uploads\/2025\/04\/zone-dactivite.jpg 526w, https:\/\/viroflayenvironnement.fr\/wp-content\/uploads\/2025\/04\/zone-dactivite-271x300.jpg 271w\" sizes=\"auto, (max-width: 526px) 100vw, 526px\" \/><\/figure>\n\n\n\n<p>A<strong>rr\u00eat Porchefontaine \/Louis XIV&nbsp;:<\/strong><\/p>\n\n\n\n<p>Cet arr\u00eat \u00e0 la limite de Viroflay&nbsp;\/Versailles (rive gauche au lieudit les SIX PONTS) est mentionn\u00e9 car il y a largement la possibilit\u00e9 de placer un abribus avec auvents lat\u00e9raux avec un banc.<\/p>\n\n\n\n<p><em>(Nous avons inscrit cet arr\u00eat car il est \u00e0 la limite de Viroflay\/Versailles)<\/em><\/p>\n\n\n\n<figure class=\"wp-block-image size-full\"><img loading=\"lazy\" decoding=\"async\" width=\"631\" height=\"657\" src=\"http:\/\/viroflayenvironnement.fr\/wp-content\/uploads\/2025\/04\/arret-potchefontaine.jpg\" alt=\"\" class=\"wp-image-644\" srcset=\"https:\/\/viroflayenvironnement.fr\/wp-content\/uploads\/2025\/04\/arret-potchefontaine.jpg 631w, https:\/\/viroflayenvironnement.fr\/wp-content\/uploads\/2025\/04\/arret-potchefontaine-288x300.jpg 288w\" sizes=\"auto, (max-width: 631px) 100vw, 631px\" \/><\/figure>\n\n\n\n<p><strong>Ligne 6123&nbsp;: station face au cimeti\u00e8re de Viroflay&nbsp;:<\/strong><\/p>\n\n\n\n<p>Possibilit\u00e9 d\u2019un abribus avec auvents lat\u00e9raux (banc existant).<\/p>\n\n\n\n<figure class=\"wp-block-image size-full\"><img loading=\"lazy\" decoding=\"async\" width=\"704\" height=\"674\" src=\"http:\/\/viroflayenvironnement.fr\/wp-content\/uploads\/2025\/04\/cimetiere.jpg\" alt=\"\" class=\"wp-image-645\" srcset=\"https:\/\/viroflayenvironnement.fr\/wp-content\/uploads\/2025\/04\/cimetiere.jpg 704w, https:\/\/viroflayenvironnement.fr\/wp-content\/uploads\/2025\/04\/cimetiere-300x287.jpg 300w\" sizes=\"auto, (max-width: 704px) 100vw, 704px\" \/><\/figure>\n\n\n\n<p><strong>Arr\u00eat&nbsp;du cimeti\u00e8re (sur la mont\u00e9e de V\u00e9lizy)&nbsp;:<\/strong><\/p>\n\n\n\n<p>Possibilit\u00e9 d\u2019un abribus avec auvents lat\u00e9raux avec un banc.<\/p>\n\n\n\n<figure class=\"wp-block-image size-full\"><img loading=\"lazy\" decoding=\"async\" width=\"815\" height=\"706\" src=\"http:\/\/viroflayenvironnement.fr\/wp-content\/uploads\/2025\/04\/montee-velizy.jpg\" alt=\"\" class=\"wp-image-648\" srcset=\"https:\/\/viroflayenvironnement.fr\/wp-content\/uploads\/2025\/04\/montee-velizy.jpg 815w, https:\/\/viroflayenvironnement.fr\/wp-content\/uploads\/2025\/04\/montee-velizy-300x260.jpg 300w, https:\/\/viroflayenvironnement.fr\/wp-content\/uploads\/2025\/04\/montee-velizy-768x665.jpg 768w\" sizes=\"auto, (max-width: 815px) 100vw, 815px\" \/><\/figure>\n\n\n\n<p><strong>Deux exemples o\u00f9 la seule possibilit\u00e9 est d\u2019envisager des abris bus sans auvents lat\u00e9raux et avec un banc\u00a0:<\/strong><\/p>\n\n\n\n<p>Station rue Emile Cousin \/ ligne N\u00b07\u00a0: Possibilit\u00e9 d\u2019un abribus sans auvents lat\u00e9raux et avec un banc:<\/p>\n\n\n\n<figure class=\"wp-block-image size-full\"><img loading=\"lazy\" decoding=\"async\" width=\"738\" height=\"719\" src=\"http:\/\/viroflayenvironnement.fr\/wp-content\/uploads\/2025\/04\/emile-cousin.jpg\" alt=\"\" class=\"wp-image-646\" srcset=\"https:\/\/viroflayenvironnement.fr\/wp-content\/uploads\/2025\/04\/emile-cousin.jpg 738w, https:\/\/viroflayenvironnement.fr\/wp-content\/uploads\/2025\/04\/emile-cousin-300x292.jpg 300w\" sizes=\"auto, (max-width: 738px) 100vw, 738px\" \/><\/figure>\n\n\n\n<p>Station gare RD \/ ligne N\u00b07\u00a0Rue G.P\u00e9ri\u00a0<a>: <\/a>Possibilit\u00e9 d\u2019un abribus sans auvents lat\u00e9raux et avec un banc:<\/p>\n\n\n\n<p><\/p>\n\n\n\n<figure class=\"wp-block-image size-full\"><img loading=\"lazy\" decoding=\"async\" width=\"644\" height=\"600\" src=\"http:\/\/viroflayenvironnement.fr\/wp-content\/uploads\/2025\/04\/gare-RD.jpg\" alt=\"\" class=\"wp-image-647\" srcset=\"https:\/\/viroflayenvironnement.fr\/wp-content\/uploads\/2025\/04\/gare-RD.jpg 644w, https:\/\/viroflayenvironnement.fr\/wp-content\/uploads\/2025\/04\/gare-RD-300x280.jpg 300w\" sizes=\"auto, (max-width: 644px) 100vw, 644px\" \/><\/figure>\n\n\n\n<p><strong><u>Diff\u00e9rents types D\u2019ABRIBUS&nbsp;:<\/u><\/strong><\/p>\n\n\n\n<figure class=\"wp-block-image size-full\"><img loading=\"lazy\" decoding=\"async\" width=\"854\" height=\"471\" src=\"https:\/\/viroflayenvironnement.fr\/wp-content\/uploads\/2025\/04\/image.jpg\" alt=\"\" class=\"wp-image-635\" srcset=\"https:\/\/viroflayenvironnement.fr\/wp-content\/uploads\/2025\/04\/image.jpg 854w, https:\/\/viroflayenvironnement.fr\/wp-content\/uploads\/2025\/04\/image-300x165.jpg 300w, https:\/\/viroflayenvironnement.fr\/wp-content\/uploads\/2025\/04\/image-768x424.jpg 768w\" sizes=\"auto, (max-width: 854px) 100vw, 854px\" \/><\/figure>\n\n\n\n<figure class=\"wp-block-image size-full\"><img loading=\"lazy\" decoding=\"async\" width=\"853\" height=\"569\" src=\"https:\/\/viroflayenvironnement.fr\/wp-content\/uploads\/2025\/04\/image.jpeg\" alt=\"\" class=\"wp-image-636\" srcset=\"https:\/\/viroflayenvironnement.fr\/wp-content\/uploads\/2025\/04\/image.jpeg 853w, https:\/\/viroflayenvironnement.fr\/wp-content\/uploads\/2025\/04\/image-300x200.jpeg 300w, https:\/\/viroflayenvironnement.fr\/wp-content\/uploads\/2025\/04\/image-768x512.jpeg 768w\" sizes=\"auto, (max-width: 853px) 100vw, 853px\" \/><\/figure>\n\n\n\n<figure class=\"wp-block-image size-full\"><img loading=\"lazy\" decoding=\"async\" width=\"854\" height=\"484\" src=\"https:\/\/viroflayenvironnement.fr\/wp-content\/uploads\/2025\/04\/image-1.jpeg\" alt=\"\" class=\"wp-image-637\" srcset=\"https:\/\/viroflayenvironnement.fr\/wp-content\/uploads\/2025\/04\/image-1.jpeg 854w, https:\/\/viroflayenvironnement.fr\/wp-content\/uploads\/2025\/04\/image-1-300x170.jpeg 300w, https:\/\/viroflayenvironnement.fr\/wp-content\/uploads\/2025\/04\/image-1-768x435.jpeg 768w\" sizes=\"auto, (max-width: 854px) 100vw, 854px\" \/><\/figure>\n\n\n\n<figure class=\"wp-block-image size-full\"><img loading=\"lazy\" decoding=\"async\" width=\"854\" height=\"569\" src=\"https:\/\/viroflayenvironnement.fr\/wp-content\/uploads\/2025\/04\/image-2.jpeg\" alt=\"\" class=\"wp-image-638\" srcset=\"https:\/\/viroflayenvironnement.fr\/wp-content\/uploads\/2025\/04\/image-2.jpeg 854w, https:\/\/viroflayenvironnement.fr\/wp-content\/uploads\/2025\/04\/image-2-300x200.jpeg 300w, https:\/\/viroflayenvironnement.fr\/wp-content\/uploads\/2025\/04\/image-2-768x512.jpeg 768w\" sizes=\"auto, (max-width: 854px) 100vw, 854px\" \/><\/figure>\n\n\n\n<p>A savoir que la publicit\u00e9 r\u00e9duit le prix d\u2019un abribus tel J.C Decaux<\/p>\n\n\n\n<p><strong><u>Conclusion&nbsp;:<\/u><\/strong><\/p>\n\n\n\n<p>Cette \u00e9tude est une proposition de notre association pour la commune de Viroflay.<\/p>\n\n\n\n<p>Il reste \u00e0 valider avec les services techniques ces propositions en s\u2019assurant des diverses possibilit\u00e9s mentionn\u00e9es ci-dessus.<\/p>\n\n\n\n<p>Notre association reste disponible pour \u00e9voquer ce sujet.<\/p>\n\n\n\n<p>Veuillez recevoir, Monsieur le Maire, nos sinc\u00e8res salutations.<\/p>\n\n\n\n<p>J. Ligneau<\/p>\n\n\n\n<hr class=\"wp-block-separator has-alpha-channel-opacity\"\/>\n\n\n\n<p><a href=\"#_ftnref1\" id=\"_ftn1\">*<\/a> La ville de Viroflay ayant accept\u00e9 que la SNCF puisse s\u2019appuyer sur le talus de la rue Pierre Curie pour positionner un abri sur le quai de la voie en direction de la gare RD, un arrangement avec d\u2019autres administrations (l\u2019ONF dans ce cas) peut probablement \u00eatre envisag\u00e9.<\/p>\n","protected":false},"excerpt":{"rendered":"<p>PROPOSITION D\u2019IMPLANTATION D\u2019ABRIBUS POURLES LIGNES N\u00b06 et n\u00b07 (PHEBUS) MANQUANTS A VIROFLAY (Nous sommes actuellement dans l\u2019attente de r\u00e9ponse de la part de la mairie) Notre association \u00ab Viroflay environnement&nbsp;\u00bb a \u00e9tudi\u00e9 la possibilit\u00e9 d\u2019ajouter des abribus et des bancs (l\u00e0 o\u00f9 c\u2019\u00e9tait possible) \u00e0 certains arr\u00eats sur la commune de Viroflay. Plusieurs sortes d\u2019abribus [&hellip;]<\/p>\n","protected":false},"author":1,"featured_media":0,"parent":0,"menu_order":0,"comment_status":"closed","ping_status":"closed","template":"","meta":{"site-sidebar-layout":"no-sidebar","site-content-layout":"","ast-site-content-layout":"full-width-container","site-content-style":"boxed","site-sidebar-style":"boxed","ast-global-header-display":"","ast-banner-title-visibility":"","ast-main-header-display":"","ast-hfb-above-header-display":"","ast-hfb-below-header-display":"","ast-hfb-mobile-header-display":"","site-post-title":"","ast-breadcrumbs-content":"","ast-featured-img":"disabled","footer-sml-layout":"","ast-disable-related-posts":"","theme-transparent-header-meta":"","adv-header-id-meta":"","stick-header-meta":"","header-above-stick-meta":"","header-main-stick-meta":"","header-below-stick-meta":"","astra-migrate-meta-layouts":"default","ast-page-background-enabled":"default","ast-page-background-meta":{"desktop":{"background-color":"var(--ast-global-color-4)","background-image":"","background-repeat":"repeat","background-position":"center center","background-size":"auto","background-attachment":"scroll","background-type":"","background-media":"","overlay-type":"","overlay-color":"","overlay-opacity":"","overlay-gradient":""},"tablet":{"background-color":"","background-image":"","background-repeat":"repeat","background-position":"center center","background-size":"auto","background-attachment":"scroll","background-type":"","background-media":"","overlay-type":"","overlay-color":"","overlay-opacity":"","overlay-gradient":""},"mobile":{"background-color":"","background-image":"","background-repeat":"repeat","background-position":"center center","background-size":"auto","background-attachment":"scroll","background-type":"","background-media":"","overlay-type":"","overlay-color":"","overlay-opacity":"","overlay-gradient":""}},"ast-content-background-meta":{"desktop":{"background-color":"var(--ast-global-color-5)","background-image":"","background-repeat":"repeat","background-position":"center center","background-size":"auto","background-attachment":"scroll","background-type":"","background-media":"","overlay-type":"","overlay-color":"","overlay-opacity":"","overlay-gradient":""},"tablet":{"background-color":"var(--ast-global-color-5)","background-image":"","background-repeat":"repeat","background-position":"center center","background-size":"auto","background-attachment":"scroll","background-type":"","background-media":"","overlay-type":"","overlay-color":"","overlay-opacity":"","overlay-gradient":""},"mobile":{"background-color":"var(--ast-global-color-5)","background-image":"","background-repeat":"repeat","background-position":"center center","background-size":"auto","background-attachment":"scroll","background-type":"","background-media":"","overlay-type":"","overlay-color":"","overlay-opacity":"","overlay-gradient":""}},"footnotes":""},"class_list":["post-38","page","type-page","status-publish","hentry"],"_links":{"self":[{"href":"https:\/\/viroflayenvironnement.fr\/index.php\/wp-json\/wp\/v2\/pages\/38","targetHints":{"allow":["GET"]}}],"collection":[{"href":"https:\/\/viroflayenvironnement.fr\/index.php\/wp-json\/wp\/v2\/pages"}],"about":[{"href":"https:\/\/viroflayenvironnement.fr\/index.php\/wp-json\/wp\/v2\/types\/page"}],"author":[{"embeddable":true,"href":"https:\/\/viroflayenvironnement.fr\/index.php\/wp-json\/wp\/v2\/users\/1"}],"replies":[{"embeddable":true,"href":"https:\/\/viroflayenvironnement.fr\/index.php\/wp-json\/wp\/v2\/comments?post=38"}],"version-history":[{"count":42,"href":"https:\/\/viroflayenvironnement.fr\/index.php\/wp-json\/wp\/v2\/pages\/38\/revisions"}],"predecessor-version":[{"id":668,"href":"https:\/\/viroflayenvironnement.fr\/index.php\/wp-json\/wp\/v2\/pages\/38\/revisions\/668"}],"wp:attachment":[{"href":"https:\/\/viroflayenvironnement.fr\/index.php\/wp-json\/wp\/v2\/media?parent=38"}],"curies":[{"name":"wp","href":"https:\/\/api.w.org\/{rel}","templated":true}]}}